{"id":2391,"date":"2023-01-15T13:42:50","date_gmt":"2023-01-15T18:42:50","guid":{"rendered":"http:\/\/localhost\/flagshipcompany\/fr\/?page_id=2391"},"modified":"2023-02-20T06:38:15","modified_gmt":"2023-02-20T11:38:15","slug":"calendrier-des-jours-feries-des-entreprises-de-messagerie","status":"publish","type":"page","link":"https:\/\/wpstaging.flagshipcompany.com\/fr\/calendrier-des-jours-feries-des-entreprises-de-messagerie\/","title":{"rendered":"Calendrier des jours f\u00e9ri\u00e9s des entreprises de messagerie"},"content":{"rendered":"<section class=\"wpb-content-wrapper\"><p>[vc_row full_width=\u00a0\u00bbstretch_row_content_no_spaces\u00a0\u00bb][vc_column][vc_raw_html]JTNDZGl2JTIwY2xhc3MlM0QlMjJoZWFkZXItYm94LXJlbGF0aXZlJTIyJTNFJTBBJTBBJTNDZGl2JTIwY2xhc3MlM0QlMjJoZWFkZXItYm94LWJrZyUyMiUyMCUzRSUwQSUzQ2ltZyUyMHNyYyUzRCUyMi4uJTJGLi4lMkZhcHAlMkZ1cGxvYWRzJTJGMjAxNiUyRjA1JTJGY291cmllci1ob2xpZGF5LXNjaGVkdWxlLWhlYWRlci1pbWFnZS5wbmclMjIlMjAlMkYlM0UlMEElM0MlMkZkaXYlM0UlMEElMEElM0NkaXYlMjBjbGFzcyUzRCUyMmhlYWRlci1jZW50ZXItdGV4dC1hYnNvbHV0ZSUyMiUzRSUzQ2gxJTNFQ0FMRU5EUklFUiUyMCUzQ2ZvbnQlMjBjbGFzcyUzRCUyMmxhdG8tbm9ybWFsJTIyJTNFREVTJTIwSk9VUlMlMjBGJUMzJTg5UkklQzMlODlTJTNDJTJGZm9udCUzRSUzQyUyRmgxJTNFJTNDJTJGZGl2JTNFJTBBJTIwJTIwJTIwJTIwJTBBJTNDJTJGZGl2JTNF[\/vc_raw_html][\/vc_column][\/vc_row][vc_row el_class=\u00a0\u00bb.chsp-r1&Prime;][vc_column][vc_column_text]<\/p>\n<h2>CALENDRIER DES JOURS F\u00c9RI\u00c9S 2023<\/h2>\n<p>[\/vc_column_text][\/vc_column][\/vc_row][vc_row el_class=\u00a0\u00bb.chsp-r2&Prime;][vc_column][vc_column_text]Les calendriers des jours f\u00e9ri\u00e9s ci-dessous s\u2019appliquent \u00e0 tous les services de messagerie \u2013 UPS, Purolator, FedEx, DHL et Canpar \u2013 sauf indication \u00e0 l\u2019effet contraire.[\/vc_column_text][\/vc_column][\/vc_row][vc_row el_class=\u00a0\u00bb.chsp-r3&Prime;][vc_column width=\u00a0\u00bb8\/12&Prime; el_class=\u00a0\u00bb.chsp-r3-c1&Prime;][vc_column_text el_class=\u00a0\u00bb.chsp-r3-c1-b1&Prime;]<span class=\"lato-normal uppercase-all\">CALENDRIER DES JOURS F\u00c9RI\u00c9S AU CANADA<\/span>[\/vc_column_text][vc_row_inner el_class=\u00a0\u00bb.chsp-r3-c1-b2&Prime;][vc_column_inner width=\u00a0\u00bb1\/4&Prime;][vc_column_text el_class=\u00a0\u00bb.blue-color\u00a0\u00bb]20 f\u00e9vrier 2023[\/vc_column_text][\/vc_column_inner][vc_column_inner width=\u00a0\u00bb3\/4&Prime;][vc_column_text]<\/p>\n<p style=\"margin: 0cm; margin-bottom: .0001pt; line-height: 18.0pt; background: white;\"><span class=\"orange-color\"><span lang=\"EN-US\" style=\"font-size: 13.0pt; font-family: 'Lato','sans-serif'; color: #f08360;\">Jour de la Famille <\/span><\/span><span class=\"apple-converted-space\"><span class=\"lato-light\">(Alberta, Saskatchewan, Colombie Britannique, Nova Scotia, Nouveau Brunswick et Ontario)<\/span><\/span><\/p>\n<p>[\/vc_column_text][\/vc_column_inner][\/vc_row_inner][vc_row_inner el_class=\u00a0\u00bb.chsp-r3-c1-b2&Prime;][vc_column_inner width=\u00a0\u00bb1\/4&Prime;][vc_column_text el_class=\u00a0\u00bb.blue-color\u00a0\u00bb]7 avril 2023[\/vc_column_text][\/vc_column_inner][vc_column_inner width=\u00a0\u00bb3\/4&Prime;][vc_column_text]<span class=\"orange-color\">Vendredi saint<\/span> <span class=\"lato-light\">(toutes les provinces)<\/span>[\/vc_column_text][\/vc_column_inner][\/vc_row_inner][vc_row_inner el_class=\u00a0\u00bb.chsp-r3-c1-b2&Prime;][vc_column_inner width=\u00a0\u00bb1\/4&Prime;][vc_column_text el_class=\u00a0\u00bb.blue-color\u00a0\u00bb]22 mai 2023[\/vc_column_text][\/vc_column_inner][vc_column_inner width=\u00a0\u00bb3\/4&Prime;][vc_column_text]<span class=\"orange-color\">F\u00eate de Victoria\/Journ\u00e9e nationale des patriotes<\/span> <span class=\"lato-light\">(toutes les provinces)<\/span>[\/vc_column_text][\/vc_column_inner][\/vc_row_inner][vc_row_inner el_class=\u00a0\u00bb.chsp-r3-c1-b2&Prime;][vc_column_inner width=\u00a0\u00bb1\/4&Prime;][vc_column_text el_class=\u00a0\u00bb.blue-color\u00a0\u00bb]26 juin 2023[\/vc_column_text][\/vc_column_inner][vc_column_inner width=\u00a0\u00bb3\/4&Prime;][vc_column_text]<span class=\"orange-color\">F\u00eate nationale du Qu\u00e9bec<\/span> <span class=\"lato-light\">(Qu\u00e9bec)<\/span>[\/vc_column_text][\/vc_column_inner][\/vc_row_inner][vc_row_inner el_class=\u00a0\u00bb.chsp-r3-c1-b2&Prime;][vc_column_inner width=\u00a0\u00bb1\/4&Prime;][vc_column_text el_class=\u00a0\u00bb.blue-color\u00a0\u00bb]3 juillet 2023[\/vc_column_text][\/vc_column_inner][vc_column_inner width=\u00a0\u00bb3\/4&Prime;][vc_column_text]<span class=\"orange-color\">F\u00eate du Canada<\/span> <span class=\"lato-light\">(toutes les provinces)<\/span>[\/vc_column_text][\/vc_column_inner][\/vc_row_inner][vc_row_inner el_class=\u00a0\u00bb.chsp-r3-c1-b2&Prime;][vc_column_inner width=\u00a0\u00bb1\/4&Prime;][vc_column_text el_class=\u00a0\u00bb.blue-color\u00a0\u00bb]7\u00a0 ao\u00fbt 2023[\/vc_column_text][\/vc_column_inner][vc_column_inner width=\u00a0\u00bb3\/4&Prime;][vc_column_text]<span class=\"orange-color\">Cong\u00e9 civique<\/span> <span class=\"lato-light\">(toutes les provinces sauf Qc., T.-N.-L. et Yukon)<\/span>[\/vc_column_text][\/vc_column_inner][\/vc_row_inner][vc_row_inner el_class=\u00a0\u00bb.chsp-r3-c1-b2&Prime;][vc_column_inner width=\u00a0\u00bb1\/4&Prime;][vc_column_text el_class=\u00a0\u00bb.blue-color\u00a0\u00bb]4 septembre 2023[\/vc_column_text][\/vc_column_inner][vc_column_inner width=\u00a0\u00bb3\/4&Prime;][vc_column_text]<span class=\"orange-color\">F\u00eate du Travail<\/span> <span class=\"lato-light\">(toutes les provinces)<\/span>[\/vc_column_text][\/vc_column_inner][\/vc_row_inner][vc_row_inner el_class=\u00a0\u00bb.chsp-r3-c1-b2&Prime;][vc_column_inner width=\u00a0\u00bb1\/4&Prime;][vc_column_text el_class=\u00a0\u00bb.blue-color\u00a0\u00bb]2 octobre 2023[\/vc_column_text][\/vc_column_inner][vc_column_inner width=\u00a0\u00bb3\/4&Prime;][vc_column_text]<span class=\"orange-color\"><span class=\"ui-provider xg b c d e f g h i j k l m n o p q r s t u v w x y z ab ac ae af ag ah ai aj ak\" dir=\"ltr\">Journ\u00e9e nationale de la v\u00e9rit\u00e9 et de la r\u00e9conciliation<\/span><\/span> <span class=\"lato-light\">(toutes les provinces)<\/span>[\/vc_column_text][\/vc_column_inner][\/vc_row_inner][vc_row_inner el_class=\u00a0\u00bb.chsp-r3-c1-b2&Prime;][vc_column_inner width=\u00a0\u00bb1\/4&Prime;][vc_column_text el_class=\u00a0\u00bb.blue-color\u00a0\u00bb]9 octobre 2023[\/vc_column_text][\/vc_column_inner][vc_column_inner width=\u00a0\u00bb3\/4&Prime;][vc_column_text]<span class=\"ui-provider xg b c d e f g h i j k l m n o p q r s t u v w x y z ab ac ae af ag ah ai aj ak\" dir=\"ltr\">Action de gr\u00e2ce<\/span> <span class=\"lato-light\">(toutes les provinces sauf Nouveau Brunswick, Nouvelle-Ecosse et<br \/>\nT.-N.-L)<br \/>\n<\/span>[\/vc_column_text][\/vc_column_inner][\/vc_row_inner][vc_row_inner el_class=\u00a0\u00bb.chsp-r3-c1-b2&Prime;][vc_column_inner width=\u00a0\u00bb1\/4&Prime;][vc_column_text el_class=\u00a0\u00bb.blue-color\u00a0\u00bb]13 novembre 2023[\/vc_column_text][\/vc_column_inner][vc_column_inner width=\u00a0\u00bb3\/4&Prime;][vc_column_text]<span class=\"orange-color\">Jour du Souvenir<\/span> <span class=\"lato-light\">(toutes les provinces sauf l\u2019Ontario et le Qu\u00e9bec)<\/span>[\/vc_column_text][\/vc_column_inner][\/vc_row_inner][vc_row_inner el_class=\u00a0\u00bb.chsp-r3-c1-b2&Prime;][vc_column_inner width=\u00a0\u00bb1\/4&Prime;][vc_column_text el_class=\u00a0\u00bb.blue-color\u00a0\u00bb]25 d\u00e9cembre 2023[\/vc_column_text][\/vc_column_inner][vc_column_inner width=\u00a0\u00bb3\/4&Prime;][vc_column_text]<span class=\"orange-color\">No\u00ebl<\/span> <span class=\"lato-light\">(toutes les provinces)<\/span>[\/vc_column_text][\/vc_column_inner][\/vc_row_inner][vc_row_inner el_class=\u00a0\u00bb.chsp-r3-c1-b2&Prime;][vc_column_inner width=\u00a0\u00bb1\/4&Prime;][vc_column_text el_class=\u00a0\u00bb.blue-color\u00a0\u00bb]26 d\u00e9cembre 2023[\/vc_column_text][\/vc_column_inner][vc_column_inner width=\u00a0\u00bb3\/4&Prime;][vc_column_text]<span class=\"orange-color\">Lendemain de No\u00ebl<\/span> <span class=\"lato-light\">(toutes les provinces)<\/span>[\/vc_column_text][\/vc_column_inner][\/vc_row_inner][vc_row_inner el_class=\u00a0\u00bb.chsp-r3-c1-b2&Prime;][vc_column_inner width=\u00a0\u00bb1\/4&Prime;][vc_column_text el_class=\u00a0\u00bb.blue-color\u00a0\u00bb]1 janvier 2024[\/vc_column_text][\/vc_column_inner][vc_column_inner width=\u00a0\u00bb3\/4&Prime;][vc_column_text]<span class=\"orange-color\">Nouvel An<\/span> <span class=\"lato-light\">(toutes les provinces)<\/span>[\/vc_column_text][\/vc_column_inner][\/vc_row_inner][\/vc_column][vc_column width=\u00a0\u00bb4\/12&Prime; el_class=\u00a0\u00bb.chsp-r3-c2&Prime;][vc_column_text el_class=\u00a0\u00bb.chsp-r3-c2-b1&Prime;]<span class=\"lato-normal uppercase-all\">CALENDRIER DES JOURS F\u00c9RI\u00c9S AUX \u00c9TATS-UNIS<\/span>[\/vc_column_text][vc_row_inner el_class=\u00a0\u00bb.chsp-r3-c2-b2&Prime;][vc_column_inner width=\u00a0\u00bb1\/2&Prime;][vc_column_text el_class=\u00a0\u00bb.blue-color\u00a0\u00bb]2 janvier 2023[\/vc_column_text][\/vc_column_inner][vc_column_inner width=\u00a0\u00bb1\/2&Prime;][vc_column_text]<span class=\"orange-color\">Jour du l&rsquo;an<\/span>[\/vc_column_text][\/vc_column_inner][\/vc_row_inner][vc_row_inner el_class=\u00a0\u00bb.chsp-r3-c2-b2&Prime;][vc_column_inner width=\u00a0\u00bb1\/2&Prime;][vc_column_text el_class=\u00a0\u00bb.blue-color\u00a0\u00bb]29 mai 2023[\/vc_column_text][\/vc_column_inner][vc_column_inner width=\u00a0\u00bb1\/2&Prime;][vc_column_text]<span class=\"orange-color\">Memorial Day<\/span>[\/vc_column_text][\/vc_column_inner][\/vc_row_inner][vc_row_inner el_class=\u00a0\u00bb.chsp-r3-c2-b2&Prime;][vc_column_inner width=\u00a0\u00bb1\/2&Prime;][vc_column_text el_class=\u00a0\u00bb.blue-color\u00a0\u00bb]4 juillet 2023[\/vc_column_text][\/vc_column_inner][vc_column_inner width=\u00a0\u00bb1\/2&Prime;][vc_column_text]<span class=\"orange-color\">F\u00eate de l\u2019Ind\u00e9pendance<\/span>[\/vc_column_text][\/vc_column_inner][\/vc_row_inner][vc_row_inner el_class=\u00a0\u00bb.chsp-r3-c2-b2&Prime;][vc_column_inner width=\u00a0\u00bb1\/2&Prime;][vc_column_text el_class=\u00a0\u00bb.blue-color\u00a0\u00bb]4 septembre 2023[\/vc_column_text][\/vc_column_inner][vc_column_inner width=\u00a0\u00bb1\/2&Prime;][vc_column_text]<span class=\"orange-color\">F\u00eate du Travail<\/span>[\/vc_column_text][\/vc_column_inner][\/vc_row_inner][vc_row_inner el_class=\u00a0\u00bb.chsp-r3-c2-b2&Prime;][vc_column_inner width=\u00a0\u00bb1\/2&Prime;][vc_column_text el_class=\u00a0\u00bb.blue-color\u00a0\u00bb]23 novembre 2023[\/vc_column_text][\/vc_column_inner][vc_column_inner width=\u00a0\u00bb1\/2&Prime;][vc_column_text]<span class=\"orange-color\">Action de gr\u00e2ces<\/span>[\/vc_column_text][\/vc_column_inner][\/vc_row_inner][vc_row_inner el_class=\u00a0\u00bb.chsp-r3-c2-b2&Prime;][vc_column_inner width=\u00a0\u00bb1\/2&Prime;][vc_column_text el_class=\u00a0\u00bb.blue-color\u00a0\u00bb]25 d\u00e9cembre 2023[\/vc_column_text][\/vc_column_inner][vc_column_inner width=\u00a0\u00bb1\/2&Prime;][vc_column_text]<span class=\"orange-color\">No\u00ebl<\/span>[\/vc_column_text][\/vc_column_inner][\/vc_row_inner][vc_row_inner el_class=\u00a0\u00bb.chsp-r3-c2-b2&Prime;][vc_column_inner width=\u00a0\u00bb1\/2&Prime;][vc_column_text el_class=\u00a0\u00bb.blue-color\u00a0\u00bb]1 janvier 2024[\/vc_column_text][\/vc_column_inner][vc_column_inner width=\u00a0\u00bb1\/2&Prime;][vc_column_text]<span class=\"orange-color\">Nouvel An<\/span>[\/vc_column_text][\/vc_column_inner][\/vc_row_inner][\/vc_column][\/vc_row][vc_row full_width=\u00a0\u00bbstretch_row\u00a0\u00bb el_class=\u00a0\u00bb.chsp-r4&Prime; css=\u00a0\u00bb.vc_custom_1462640850515{background-color: #f9fafc !important;}\u00a0\u00bb][vc_column width=\u00a0\u00bb1\/3&Prime; el_class=\u00a0\u00bb.chsp-r4-c1&Prime;][vc_column_text]<\/p>\n<h2 style=\"color: #575756 !important;\">VOUS VOULEZ CONNA\u00ceTRE L\u2019HORAIRE DES F\u00caTES ?<\/h2>\n<p>[\/vc_column_text][\/vc_column][vc_column width=\u00a0\u00bb1\/3&Prime; el_class=\u00a0\u00bb.chsp-r4-c2&Prime;][vc_column_text]<\/p>\n<ul>\n<li><a href=\"http:\/\/www.purolator.com\/fr\/resources-and-support\/newsroom\/holiday-service-schedule.page\" target=\"_blank\" rel=\"noopener noreferrer\">Consultez l\u2019horaire des F\u00eates de Purolator<\/a><\/li>\n<li><a href=\"https:\/\/www.ups.com\/ca\/fr\/help-center\/shipping-support\/days-of-operation.page\" target=\"_blank\" rel=\"noopener noreferrer\">Consultez l\u2019horaire des F\u00eates de UPS<\/a><\/li>\n<li><a href=\"https:\/\/www.fedex.com\/fr-ca\/shipping\/holidays.html#\" target=\"_blank\" rel=\"noopener noreferrer\">Consultez l\u2019horaire des F\u00eates de FedEx<\/a><\/li>\n<li><a href=\"https:\/\/www.dhlparcel.be\/sites\/dhlparcel.be\/files\/content\/docs\/Jours-f%C3%A9ri%C3%A9s-2021_BE_fr.pdf\" target=\"_blank\" rel=\"noopener noreferrer\">Consultez l\u2019horaire des F\u00eates de DHL<\/a><\/li>\n<li><a href=\"https:\/\/www.canpar.ca\/fr\/ship\/holiday.jsp\" target=\"_blank\" rel=\"noopener noreferrer\">Consultez l\u2019horaire des F\u00eates de Canpar<\/a><\/li>\n<li><a href=\"https:\/\/www.dicom.com\/fr\/express\/soutien\/documents-utiles\/jours-feries\" target=\"_blank\" rel=\"noopener noreferrer\">Consultez l\u2019horaire des F\u00eates de GLS<\/a><\/li>\n<\/ul>\n<p>[\/vc_column_text][\/vc_column][vc_column width=\u00a0\u00bb1\/3&Prime; el_class=\u00a0\u00bb.chsp-r4-c3 .lato-light\u00a0\u00bb][vc_column_text]Nous sommes l\u00e0 pour vous \u00e0 chaque \u00e9tape.<\/p>\n<p>Si vous avez des questions concernant les calendriers des jours f\u00e9ri\u00e9s pour le service de messagerie, notre \u00e9quipe du service \u00e0 la client\u00e8le est l\u00e0 pour vous aider.<\/p>\n<p>Appelez-nous au <a href=\"tel:1-866-320-8383\">1-866-320-8383<\/a> ou envoyez-nous un courriel \u00e0 l\u2019adresse <a href=\"mailto:support@flagshipcompany.com\">support@flagshipcompany.com<\/a>.[\/vc_column_text][\/vc_column][\/vc_row]<\/p>\n<\/section>","protected":false},"excerpt":{"rendered":"<p>[vc_row full_width=\u00a0\u00bbstretch_row_content_no_spaces\u00a0\u00bb][vc_column][vc_raw_html]JTNDZGl2JTIwY2xhc3MlM0QlMjJoZWFkZXItYm94LXJlbGF0aXZlJTIyJTNFJTBBJTBBJTNDZGl2JTIwY2xhc3MlM0QlMjJoZWFkZXItYm94LWJrZyUyMiUyMCUzRSUwQSUzQ2ltZyUyMHNyYyUzRCUyMi4uJTJGLi4lMkZhcHAlMkZ1cGxvYWRzJTJGMjAxNiUyRjA1JTJGY291cmllci1ob2xpZGF5LXNjaGVkdWxlLWhlYWRlci1pbWFnZS5wbmclMjIlMjAlMkYlM0UlMEElM0MlMkZkaXYlM0UlMEElMEElM0NkaXYlMjBjbGFzcyUzRCUyMmhlYWRlci1jZW50ZXItdGV4dC1hYnNvbHV0ZSUyMiUzRSUzQ2gxJTNFQ0FMRU5EUklFUiUyMCUzQ2ZvbnQlMjBjbGFzcyUzRCUyMmxhdG8tbm9ybWFsJTIyJTNFREVTJTIwSk9VUlMlMjBGJUMzJTg5UkklQzMlODlTJTNDJTJGZm9udCUzRSUzQyUyRmgxJTNFJTNDJTJGZGl2JTNFJTBBJTIwJTIwJTIwJTIwJTBBJTNDJTJGZGl2JTNF[\/vc_raw_html][\/vc_column][\/vc_row][vc_row el_class=\u00a0\u00bb.chsp-r1&Prime;][vc_column][vc_column_text] CALENDRIER DES JOURS F\u00c9RI\u00c9S 2023 [\/vc_column_text][\/vc_column][\/vc_row][vc_row el_class=\u00a0\u00bb.chsp-r2&Prime;][vc_column][vc_column_text]Les calendriers des jours f\u00e9ri\u00e9s ci-dessous s\u2019appliquent \u00e0 tous les services de messagerie \u2013 UPS, Purolator, FedEx, DHL et Canpar \u2013 sauf indication \u00e0&#8230;<\/p>\n","protected":false},"author":5,"featured_media":0,"parent":0,"menu_order":0,"comment_status":"closed","ping_status":"closed","template":"","meta":[],"_links":{"self":[{"href":"https:\/\/wpstaging.flagshipcompany.com\/fr\/wp-json\/wp\/v2\/pages\/2391"}],"collection":[{"href":"https:\/\/wpstaging.flagshipcompany.com\/fr\/wp-json\/wp\/v2\/pages"}],"about":[{"href":"https:\/\/wpstaging.flagshipcompany.com\/fr\/wp-json\/wp\/v2\/types\/page"}],"author":[{"embeddable":true,"href":"https:\/\/wpstaging.flagshipcompany.com\/fr\/wp-json\/wp\/v2\/users\/5"}],"replies":[{"embeddable":true,"href":"https:\/\/wpstaging.flagshipcompany.com\/fr\/wp-json\/wp\/v2\/comments?post=2391"}],"version-history":[{"count":55,"href":"https:\/\/wpstaging.flagshipcompany.com\/fr\/wp-json\/wp\/v2\/pages\/2391\/revisions"}],"predecessor-version":[{"id":16892,"href":"https:\/\/wpstaging.flagshipcompany.com\/fr\/wp-json\/wp\/v2\/pages\/2391\/revisions\/16892"}],"wp:attachment":[{"href":"https:\/\/wpstaging.flagshipcompany.com\/fr\/wp-json\/wp\/v2\/media?parent=2391"}],"curies":[{"name":"wp","href":"https:\/\/api.w.org\/{rel}","templated":true}]}}